{"id":35,"date":"2012-07-26T13:51:18","date_gmt":"2012-07-26T13:51:18","guid":{"rendered":"http:\/\/quanticalabs.com\/wp_themes\/gymbase\/?page_id=35"},"modified":"2025-11-27T19:25:20","modified_gmt":"2025-11-27T19:25:20","slug":"classes-2","status":"publish","type":"page","link":"https:\/\/www.ecucina.eu\/site\/classes-2\/","title":{"rendered":"CORSI DI CUCINA"},"content":{"rendered":"<p>[vc_row gap=&#8221;20&#8243;][vc_column width=&#8221;1\/2&#8243; css=&#8221;.vc_custom_1538554609169{background-color: #ffffff !important;}&#8221;][vc_column_text]<\/p>\n<h2>\u00e8Passione<\/h2>\n<p><strong>E&#8217; Cucina<\/strong> nasce dalla passione per la cucina e la pasticceria dei due fondatori, <strong>Martina\u00a0Cortelazzo e Alessandro Lasferza<\/strong>.<\/p>\n<p><strong>\u00c8 cucina<\/strong> \u00e8 la scuola di cucina con sede propria a Verona dedicata a corsi per adulti, eventi gastronomici, show cooking, Pop Up cene, cene a domicilio, cooking team building per aziende, eventi &#8220;Da grande far\u00f2 lo chef&#8221;, corsi di cucina per stranieri. E&#8217; cucina diventa <strong>Forno Domestico<\/strong> , PopUp bakery il venerd\u00ec e il sabato. La scuola utilizza un&#8217;efficace tecnica interattiva sotto la guida di esperti chef professionisti.[\/vc_column_text][vc_single_image image=&#8221;10815&#8243; img_size=&#8221;full&#8221;][\/vc_column][vc_column width=&#8221;1\/2&#8243; css=&#8221;.vc_custom_1538554621380{background-color: #ffffff !important;}&#8221;][vc_column_text]<\/p>\n<h2>\u00e8Avanguardia<\/h2>\n<p>La scuola si avvale della collaborazione di alcuni chef che collaborano stabilmente e offre poi\u00a0una gamma di esperienze diverse in ogni programma con chef con importanti esperienze nel\u00a0campo della ristorazione locale e non.<\/p>\n<p>La sede si trova in zona Veronetta, dotata di una cucina con postazioni singole di lavoro e un laboratorio di pane, pizza, pasticceria.<\/p>\n<p>&nbsp;<\/p>\n<p>[\/vc_column_text][vc_single_image image=&#8221;10816&#8243; img_size=&#8221;full&#8221;][\/vc_column][\/vc_row][vc_row][vc_column][vc_column_text]<\/p>\n<h3><strong>Come funziona?<\/strong><\/h3>\n<p>\u00e8 cucina organizza corsi durante tutto l\u2019anno con due programmi (settembre-gennaio, febbraio-luglio)<\/p>\n<p>Il programma dei corsi scaricabile in pdf si compone di:<\/p>\n<p>corsi tematici di cucina serali di 3 ore (1\u00a0 o 2 lezioni ) tutti dalle 19.00 alle 22.00,<\/p>\n<p>corsi tematici di pasticceria serali di 3 ore (1\u00a0 o 2 lezioni ) dalle 19.00 alle 22.00,<\/p>\n<p>Corsi base di cucina di pi\u00f9 lezioni<\/p>\n<p>Corsi base di pane e pizza dalle 18.30 alle 22.00<\/p>\n<h3>Modalit\u00e0 di iscrizione<\/h3>\n<p>I posti dei corsi sono limitati, \u00e8 necessario iscriversi direttamente online, acquistando il corso alla data corrispondente del calendario.<\/p>\n<p>Oppure richiedendo i dati per il bonifico bancario a: amministrazione@ecucina.eu<\/p>\n<p>Per partecipare a i corsi occorre fare , la sera del primo corso in sede, la card di iscrizione\/assicurazione della durata 6 mesi e costo \u20ac6.<\/p>\n<p>Gli\u00a0<strong>orari di segreteria<\/strong>\u00a0sono il luned\u00ec, mercoled\u00ec e venerd\u00ec dalle 17 alle 19.30 oppure su appuntamento al 3341934095.<\/p>\n<p>I corsi si terranno solo a raggiungimento di un numero minimo di partecipanti.<\/p>\n<p>Le lezioni perse non possono essere recuperate\u00a0Non sono ammesse iscrizioni via sms.<\/p>\n<p>I corsi sono rivolti esclusivamente ad adulti maggiorenni.[\/vc_column_text][\/vc_column][\/vc_row][vc_row][vc_column][vc_column_text]<\/p>\n<h2 style=\"text-align: center;\">Scopri i prossimi eventi<\/h2>\n<p>[\/vc_column_text]<div id='evcal_calendar_608' class='ajde_evcal_calendar ' ><div class='evo-data' data-cyear=\"2026\" data-cmonth=\"9\" data-runajax=\"1\" data-evc_open=\"0\" data-cal_ver=\"2.6.5\" data-mapscroll=\"true\" data-mapformat=\"roadmap\" data-mapzoom=\"18\" data-mapiconurl=\"\" data-ev_cnt=\"0\" data-show_limit=\"no\" data-tiles=\"no\" data-sort_by=\"sort_date\" data-filters_on=\"false\" data-range_start=\"0\" data-range_end=\"0\" data-send_unix=\"0\" data-ux_val=\"4\" data-accord=\"0\" data-rtl=\"no\"  ><\/div><div id='evcal_head' class='calendar_header ' ><div class='evo_cal_above'><span class='evo-gototoday-btn' style='display:none' data-mo='9' data-yr='2026' data-dy=''>Current Month<\/span><\/div><div class='evo_cal_above_content'><\/div><p id='evcal_cur' class='evo_month_title'> settembre, 2026<\/p><p class='evo_arrows'><span id='evcal_prev' class='evcal_arrows evcal_btn_prev' ><i class='fa fa-angle-left'><\/i><\/span><span id='evcal_next' class='evcal_arrows evcal_btn_next' ><i class='fa fa-angle-right'><\/i><\/span><\/p><div class='cal_arguments' style='display:none' data-hide_past=\"yes\" data-show_et_ft_img=\"yes\" data-event_order=\"ASC\" data-ft_event_priority=\"no\" data-lang=\"L1\" data-month_incre=\"0\" data-only_ft=\"no\" data-evc_open=\"no\" data-show_limit=\"no\" data-etc_override=\"yes\" data-show_limit_redir=\"0\" data-tiles=\"no\" data-tile_height=\"0\" data-tile_bg=\"0\" data-tile_count=\"2\" data-tile_style=\"0\" data-s=\"\" data-members_only=\"no\" data-ux_val=\"4\" data-show_limit_ajax=\"no\" data-show_limit_paged=\"1\" ><\/div><div class='clear'><\/div><\/div><a class='evo_sort_btn'>Filter Events<\/a><div class='eventon_sorting_section' style='display:none'>\n\t\t\t\t\t\t<div class='eventon_sort_line evo_sortOpt' >\n\t\t\t\t\t\t\t<div class='evo_sortby'><p>Sort By:<\/p><\/div>\n\t\t\t\t\t\t\t<div class='evo_srt_sel'><p class='fa'>Data<\/p><div class='evo_srt_options'><p data-val='sort_date' data-type='date' class='evs_btn evs_hide' >Data<\/p><p data-val='sort_title' data-type='title' class='evs_btn ' >Titolo<\/p><p data-val='sort_color' data-type='color' class='evs_btn ' >Colore<\/p><\/div><\/div><div class='clear'><\/div>\n\t\t\t\t\t\t<\/div><div class='eventon_filter_line '><div class='eventon_filter' data-filter_field='event_type' data-filter_val='all' data-filter_type='tax' data-fl_o='IN'><\/div><div class='eventon_filter evo_sortOpt evo_sortList_event_type_2' data-filter_field='event_type_2' data-filter_val='all' data-filter_type='tax' data-fl_o='IN'>\n\t\t\t\t\t\t\t<div class='eventon_sf_field'><p>Genere:<\/p><\/div>\n\n\t\t\t\t\t\t\t<div class='eventon_filter_selection'>\n\t\t\t\t\t\t\t\t<p class='filtering_set_val' data-opts='evs4_in'>Tutti<\/p>\n\t\t\t\t\t\t\t\t<div class='eventon_filter_dropdown' style='display:none'><p class='evf_hide' data-filter_val='all'>Tutti<\/p><p class='apericorso ' data-filter_val='74' data-filter_slug='apericorso'>apericorso<\/p><p class='carne ' data-filter_val='1890' data-filter_slug='carne'>carne<\/p><p class='cena-a-tema ' data-filter_val='2212' data-filter_slug='cena-a-tema'>cena a tema<\/p><p class='chef-stellati ' data-filter_val='1871' data-filter_slug='chef-stellati'>chef stellati<\/p><p class='corsi-base-di-piu-lezioni ' data-filter_val='63' data-filter_slug='corsi-base-di-piu-lezioni'>corsi base di pi\u00f9 lezioni<\/p><p class='corsi-di-cucina ' data-filter_val='59' data-filter_slug='corsi-di-cucina'>Corsi di cucina<\/p><p class='corsi-per-principianti ' data-filter_val='191' data-filter_slug='corsi-per-principianti'>corsi per principianti<\/p><p class='corsi-per-ragazzi ' data-filter_val='2378' data-filter_slug='corsi-per-ragazzi'>corsi per ragazzi<\/p><p class='corso-di-coppia-in-cucina ' data-filter_val='1848' data-filter_slug='corso-di-coppia-in-cucina'>corso di coppia in cucina<\/p><p class='corso-di-cucina-online ' data-filter_val='2241' data-filter_slug='corso-di-cucina-online'>corso di cucina online<\/p><p class='corso-online ' data-filter_val='2541' data-filter_slug='corso-online'>corso online<\/p><p class='cucina-etnica ' data-filter_val='1882' data-filter_slug='cucina-etnica'>cucina etnica<\/p><p class='cucina-francese ' data-filter_val='1851' data-filter_slug='cucina-francese'>cucina francese<\/p><p class='cucina-giapponese ' data-filter_val='161' data-filter_slug='cucina-giapponese'>cucina giapponese<\/p><p class='cucina-regionale ' data-filter_val='1823' data-filter_slug='cucina-regionale'>cucina regionale<\/p><p class='cucina-veneziana ' data-filter_val='1824' data-filter_slug='cucina-veneziana'>cucina veneziana<\/p><p class='ecucina-xpress ' data-filter_val='60' data-filter_slug='ecucina-xpress'>\u00e8cucina.xpress<\/p><p class='eventi ' data-filter_val='62' data-filter_slug='eventi'>Eventi<\/p><p class='in-cucina-con-la-mamma ' data-filter_val='172' data-filter_slug='in-cucina-con-la-mamma'>in cucina con la mamma<\/p><p class='in-cucina-con-papa ' data-filter_val='1945' data-filter_slug='in-cucina-con-papa'>in cucina con pap\u00e0<\/p><p class='mastery-experience ' data-filter_val='2990' data-filter_slug='mastery-experience'>mastery experience<\/p><p class='pane ' data-filter_val='159' data-filter_slug='pane'>pane<\/p><p class='pasta-fresca ' data-filter_val='1891' data-filter_slug='pasta-fresca'>pasta fresca<\/p><p class='pasticceria ' data-filter_val='67' data-filter_slug='pasticceria'>Pasticceria<\/p><p class='pesce ' data-filter_val='1887' data-filter_slug='pesce'>pesce<\/p><p class='piccoli-chef ' data-filter_val='61' data-filter_slug='piccoli-chef'>Piccoli chef<\/p><p class='pizza ' data-filter_val='158' data-filter_slug='pizza'>pizza<\/p><p class='primi-piatti ' data-filter_val='1907' data-filter_slug='primi-piatti'>primi piatti<\/p><p class='risotto ' data-filter_val='1845' data-filter_slug='risotto'>risotto<\/p><p class='sushi ' data-filter_val='160' data-filter_slug='sushi'>sushi<\/p><p class='tecniche-in-cucina ' data-filter_val='2054' data-filter_slug='tecniche-in-cucina'>tecniche in cucina<\/p><p class='vegano ' data-filter_val='2168' data-filter_slug='vegano'>vegano<\/p><p class='vegetariano ' data-filter_val='1764' data-filter_slug='vegetariano'>vegetariano<\/p><\/div>\n\t\t\t\t\t\t\t<\/div><div class='clear'><\/div>\n\t\t\t\t\t\t<\/div><div class='eventon_filter' data-filter_field='event_type_3' data-filter_val='all' data-filter_type='tax' data-fl_o='IN'><\/div><div class='eventon_filter' data-filter_field='event_type_4' data-filter_val='all' data-filter_type='tax' data-fl_o='IN'><\/div><div class='eventon_filter' data-filter_field='event_type_5' data-filter_val='all' data-filter_type='tax' data-fl_o='IN'><\/div><div class='eventon_filter' data-filter_field='event_location' data-filter_val='all' data-filter_type='tax' data-fl_o='IN'><\/div><div class='eventon_filter' data-filter_field='event_organizer' data-filter_val='all' data-filter_type='tax' data-fl_o='IN'><\/div><\/div><div class='clear'><\/div><\/div><div id='eventon_loadbar_section'><div id='eventon_loadbar'><\/div><\/div><div id='evcal_list' class='eventon_events_list'><div id=\"event_13761\" class=\"eventon_list_event evo_eventtop  event\" data-event_id=\"13761\" data-time=\"1788980400-1788991200\" data-colr=\"#de7104\" itemscope itemtype='http:\/\/schema.org\/Event' 1><div class=\"evo_event_schema\" style=\"display:none\" ><a itemprop='url'  href='https:\/\/www.ecucina.eu\/site\/events\/cucina-in-coppia-udon-noodles-soba\/'><\/a><span itemprop='name'  >Cucina in coppia: Udon, noodles & Soba<\/span><meta itemprop='image' content='https:\/\/www.ecucina.eu\/site\/wp-content\/uploads\/2025\/07\/coppia-sito.png' ><\/meta><meta itemprop='description' content='\r\n\r\nUn must di \u00e8Cucina: tante esperienze memorabili in cucina\u00a0 per le coppie!\u00a0\r\n\r\nEcco un nuovo corso di coppia\u00a0 di cucina etnica per gli amanti' ><\/meta><meta itemprop='startDate' content='2026-9-9' ><\/meta><meta itemprop='endDate' content='2026-9-9' ><\/meta><meta itemprop='eventStatus' content='on-schedule' ><\/meta><script type=\"application\/ld+json\">{\t\"@context\": \"http:\/\/schema.org\",\n\t\t\t\t\t\t\t  \t\"@type\": \"Event\",\n\t\t\t\t\t\t\t  \t\"name\": \"Cucina in coppia: Udon, noodles & Soba\",\n\t\t\t\t\t\t\t  \t\"startDate\": \"2026-9-9T19-19-00-00\",\n\t\t\t\t\t\t\t  \t\"endDate\": \"2026-9-9T22-22-00-00\",\n\t\t\t\t\t\t\t  \t\"image\":\"https:\/\/www.ecucina.eu\/site\/wp-content\/uploads\/2025\/07\/coppia-sito-300x169.png\",\n\t\t\t\t\t\t\t  \t\"description\":\"\r\n\r\nUn must di \u00e8Cucina: tante esperienze memorabili in cucina\u00a0 per le coppie!\u00a0\r\n\r\nEcco un nuovo corso di coppia\u00a0 di cucina etnica per gli amanti\",\n\t\t\t\t\t\t\t  \t\n\t\t\t\t\t\t\t }<\/script><\/div>\n\t\t\t\t<p class=\"desc_trig_outter\"><a data-gmap_status=\"null\" data-exlk=\"0\" style=\"border-color: #de7104;\" id=\"evc_178898040013761\" class=\"hasFtIMG desc_trig sin_val evcal_list_a\" data-ux_val=\"4\"  ><span class='ev_ftImg' data-img='https:\/\/www.ecucina.eu\/site\/wp-content\/uploads\/2025\/07\/coppia-sito.png' data-thumb='https:\/\/www.ecucina.eu\/site\/wp-content\/uploads\/2025\/07\/coppia-sito-300x169.png' style='background-image:url(\"https:\/\/www.ecucina.eu\/site\/wp-content\/uploads\/2025\/07\/coppia-sito-300x169.png\")'><\/span><span class='evcal_cblock ' data-bgcolor='#de7104' data-smon='settembre' data-syr='2026'><span class='evo_start '><em class='date'>09<\/em><em class='month'>set<\/em><em class='time'>19:00<\/em><\/span><span class='evo_end only_time'><em class='time'>22:00<\/em><\/span><em class='clear'><\/em><\/span><span class='evcal_desc evo_info hide_eventtopdata '  data-location_status=\"false\" ><span class='evo_above_title'><\/span><span class='evcal_desc2 evcal_event_title' itemprop='name'>Cucina in coppia: Udon, noodles & Soba<\/span><span class='evo_below_title'><\/span><span class='evcal_desc_info' ><\/span><span class='evcal_desc3'><\/span><\/span><em class='clear'><\/em><\/p><\/a><div class='clear end'><\/div><\/div><div id=\"event_13872\" class=\"eventon_list_event evo_eventtop  event\" data-event_id=\"13872\" data-time=\"1789065000-1789077600\" data-colr=\"#de7104\" itemscope itemtype='http:\/\/schema.org\/Event' 2><div class=\"evo_event_schema\" style=\"display:none\" ><a itemprop='url'  href='https:\/\/www.ecucina.eu\/site\/events\/corso-base-di-pizza-in-teglia-20\/'><\/a><span itemprop='name'  >Corso base di pizza in teglia<\/span><meta itemprop='image' content='https:\/\/www.ecucina.eu\/site\/wp-content\/uploads\/2025\/07\/Ale-pizza.png' ><\/meta><meta itemprop='description' content='\r\n\r\nStanco della solita pizza tonda? O di non essere completamente soddisfatto della pizza in teglia che fai tu?\r\n\r\n Forse perch\u00e8 serve l'insegnamento di' ><\/meta><meta itemprop='startDate' content='2026-9-10' ><\/meta><meta itemprop='endDate' content='2026-9-10' ><\/meta><meta itemprop='eventStatus' content='on-schedule' ><\/meta>\n\t\t\t\t\t\t\t\t\t<item style=\"display:none\" itemprop=\"location\" itemscope itemtype=\"http:\/\/schema.org\/Place\">\n\t\t\t\t\t\t\t\t\t\t<span itemprop=\"name\">\u00e8 cucina.<\/span>\n\t\t\t\t\t\t\t\t\t\t<span itemprop=\"address\" itemscope itemtype=\"http:\/\/schema.org\/PostalAddress\">\n\t\t\t\t\t\t\t\t\t\t\t<item itemprop=\"streetAddress\">Via Carducci, 30  Verona<\/item>\n\t\t\t\t\t\t\t\t\t\t<\/span><\/item><script type=\"application\/ld+json\">{\t\"@context\": \"http:\/\/schema.org\",\n\t\t\t\t\t\t\t  \t\"@type\": \"Event\",\n\t\t\t\t\t\t\t  \t\"name\": \"Corso base di pizza in teglia\",\n\t\t\t\t\t\t\t  \t\"startDate\": \"2026-9-10T18-18-30-00\",\n\t\t\t\t\t\t\t  \t\"endDate\": \"2026-9-10T22-22-00-00\",\n\t\t\t\t\t\t\t  \t\"image\":\"https:\/\/www.ecucina.eu\/site\/wp-content\/uploads\/2025\/07\/Ale-pizza-300x169.png\",\n\t\t\t\t\t\t\t  \t\"description\":\"\r\n\r\nStanco della solita pizza tonda? O di non essere completamente soddisfatto della pizza in teglia che fai tu?\r\n\r\n Forse perch\u00e8 serve l'insegnamento di\",\n\t\t\t\t\t\t\t  \t\"location\":{\n\t\t\t\t\t\t\t\t\t\t\"@type\":\"Place\",\n\t\t\t\t\t\t\t\t\t\t\"name\":\"\u00e8 cucina.\",\n\t\t\t\t\t\t\t\t\t\t\"address\":\"Via Carducci, 30  Verona\"\n\t\t\t\t\t\t\t  \t\t}\n\t\t\t\t\t\t\t }<\/script><\/div>\n\t\t\t\t<p class=\"desc_trig_outter\"><a data-gmap_status=\"null\" data-exlk=\"0\" style=\"border-color: #de7104;\" id=\"evc_178906500013872\" class=\"hasFtIMG desc_trig sin_val evcal_list_a\" data-ux_val=\"4\"  ><span class='ev_ftImg' data-img='https:\/\/www.ecucina.eu\/site\/wp-content\/uploads\/2025\/07\/Ale-pizza.png' data-thumb='https:\/\/www.ecucina.eu\/site\/wp-content\/uploads\/2025\/07\/Ale-pizza-300x169.png' style='background-image:url(\"https:\/\/www.ecucina.eu\/site\/wp-content\/uploads\/2025\/07\/Ale-pizza-300x169.png\")'><\/span><span class='evcal_cblock ' data-bgcolor='#de7104' data-smon='settembre' data-syr='2026'><span class='evo_start '><em class='date'>10<\/em><em class='month'>set<\/em><em class='time'>18:30<\/em><\/span><span class='evo_end only_time'><em class='time'>22:00<\/em><\/span><em class='clear'><\/em><\/span><span class='evcal_desc evo_info hide_eventtopdata '  data-location_address=\"Via Carducci, 30  Verona\" data-location_type=\"address\" data-location_name=\"\u00e8 cucina.\" data-location_status=\"true\" ><span class='evo_above_title'><\/span><span class='evcal_desc2 evcal_event_title' itemprop='name'>Corso base di pizza in teglia<\/span><span class='evo_below_title'><\/span><span class='evcal_desc_info' ><\/span><span class='evcal_desc3'><\/span><\/span><em class='clear'><\/em><\/p><\/a><div class='clear end'><\/div><\/div><div id=\"event_13763\" class=\"eventon_list_event evo_eventtop  event\" data-event_id=\"13763\" data-time=\"1789153200-1789164000\" data-colr=\"#de7104\" itemscope itemtype='http:\/\/schema.org\/Event' 3><div class=\"evo_event_schema\" style=\"display:none\" ><a itemprop='url'  href='https:\/\/www.ecucina.eu\/site\/events\/cucina-in-coppia-menu-carne-etica-e-grass-fed\/'><\/a><span itemprop='name'  >Cucina in coppia: men\u00f9 carne etica e grass fed<\/span><meta itemprop='image' content='https:\/\/www.ecucina.eu\/site\/wp-content\/uploads\/2025\/07\/coppia-sito.png' ><\/meta><meta itemprop='description' content='\r\n\r\n&nbsp;\r\n\r\nUn corso di coppia per gli amanti della carne, ma\u00a0 con un'attenzione alla provenienza e all'eticit\u00e0. \r\n\r\nA \u00e8Cucina da sempre prediligiamo e diffondiamo' ><\/meta><meta itemprop='startDate' content='2026-9-11' ><\/meta><meta itemprop='endDate' content='2026-9-11' ><\/meta><meta itemprop='eventStatus' content='on-schedule' ><\/meta><script type=\"application\/ld+json\">{\t\"@context\": \"http:\/\/schema.org\",\n\t\t\t\t\t\t\t  \t\"@type\": \"Event\",\n\t\t\t\t\t\t\t  \t\"name\": \"Cucina in coppia: men\u00f9 carne etica e grass fed\",\n\t\t\t\t\t\t\t  \t\"startDate\": \"2026-9-11T19-19-00-00\",\n\t\t\t\t\t\t\t  \t\"endDate\": \"2026-9-11T22-22-00-00\",\n\t\t\t\t\t\t\t  \t\"image\":\"https:\/\/www.ecucina.eu\/site\/wp-content\/uploads\/2025\/07\/coppia-sito-300x169.png\",\n\t\t\t\t\t\t\t  \t\"description\":\"\r\n\r\n&nbsp;\r\n\r\nUn corso di coppia per gli amanti della carne, ma\u00a0 con un'attenzione alla provenienza e all'eticit\u00e0. \r\n\r\nA \u00e8Cucina da sempre prediligiamo e diffondiamo\",\n\t\t\t\t\t\t\t  \t\n\t\t\t\t\t\t\t }<\/script><\/div>\n\t\t\t\t<p class=\"desc_trig_outter\"><a data-gmap_status=\"null\" data-exlk=\"0\" style=\"border-color: #de7104;\" id=\"evc_178915320013763\" class=\"hasFtIMG desc_trig sin_val evcal_list_a\" data-ux_val=\"4\"  ><span class='ev_ftImg' data-img='https:\/\/www.ecucina.eu\/site\/wp-content\/uploads\/2025\/07\/coppia-sito.png' data-thumb='https:\/\/www.ecucina.eu\/site\/wp-content\/uploads\/2025\/07\/coppia-sito-300x169.png' style='background-image:url(\"https:\/\/www.ecucina.eu\/site\/wp-content\/uploads\/2025\/07\/coppia-sito-300x169.png\")'><\/span><span class='evcal_cblock ' data-bgcolor='#de7104' data-smon='settembre' data-syr='2026'><span class='evo_start '><em class='date'>11<\/em><em class='month'>set<\/em><em class='time'>19:00<\/em><\/span><span class='evo_end only_time'><em class='time'>22:00<\/em><\/span><em class='clear'><\/em><\/span><span class='evcal_desc evo_info hide_eventtopdata '  data-location_status=\"false\" ><span class='evo_above_title'><\/span><span class='evcal_desc2 evcal_event_title' itemprop='name'>Cucina in coppia: men\u00f9 carne etica e grass fed<\/span><span class='evo_below_title'><\/span><span class='evcal_desc_info' ><\/span><span class='evcal_desc3'><\/span><\/span><em class='clear'><\/em><\/p><\/a><div class='clear end'><\/div><\/div><div id=\"event_13870\" class=\"eventon_list_event evo_eventtop  event\" data-event_id=\"13870\" data-time=\"1789410600-1789509600\" data-colr=\"#de7104\" itemscope itemtype='http:\/\/schema.org\/Event' 4><div class=\"evo_event_schema\" style=\"display:none\" ><a itemprop='url'  href='https:\/\/www.ecucina.eu\/site\/events\/corso-base-di-panificazione-pane-farine-impasti-lievitazioni-2-lez-2\/'><\/a><span itemprop='name'  >Corso base di panificazione :Pane, farine, impasti, lievitazioni 2 lez.<\/span><meta itemprop='image' content='https:\/\/www.ecucina.eu\/site\/wp-content\/uploads\/2025\/07\/Ale-pizza.png' ><\/meta><meta itemprop='description' content='\r\n\r\n&nbsp;\r\n\r\nCerchi un corso sul pane\u00a0 di breve durata per imparare a fare a casa tua un pane professisonale? \r\n\r\nCome fare il pane' ><\/meta><meta itemprop='startDate' content='2026-9-14' ><\/meta><meta itemprop='endDate' content='2026-9-15' ><\/meta><meta itemprop='eventStatus' content='on-schedule' ><\/meta><script type=\"application\/ld+json\">{\t\"@context\": \"http:\/\/schema.org\",\n\t\t\t\t\t\t\t  \t\"@type\": \"Event\",\n\t\t\t\t\t\t\t  \t\"name\": \"Corso base di panificazione :Pane, farine, impasti, lievitazioni 2 lez.\",\n\t\t\t\t\t\t\t  \t\"startDate\": \"2026-9-14T18-18-30-00\",\n\t\t\t\t\t\t\t  \t\"endDate\": \"2026-9-15T22-22-00-00\",\n\t\t\t\t\t\t\t  \t\"image\":\"https:\/\/www.ecucina.eu\/site\/wp-content\/uploads\/2025\/07\/Ale-pizza-300x169.png\",\n\t\t\t\t\t\t\t  \t\"description\":\"\r\n\r\n&nbsp;\r\n\r\nCerchi un corso sul pane\u00a0 di breve durata per imparare a fare a casa tua un pane professisonale? \r\n\r\nCome fare il pane\",\n\t\t\t\t\t\t\t  \t\n\t\t\t\t\t\t\t }<\/script><\/div>\n\t\t\t\t<p class=\"desc_trig_outter\"><a data-gmap_status=\"null\" data-exlk=\"0\" style=\"border-color: #de7104;\" id=\"evc_178941060013870\" class=\"hasFtIMG desc_trig mul_val evcal_list_a\" data-ux_val=\"4\"  ><span class='ev_ftImg' data-img='https:\/\/www.ecucina.eu\/site\/wp-content\/uploads\/2025\/07\/Ale-pizza.png' data-thumb='https:\/\/www.ecucina.eu\/site\/wp-content\/uploads\/2025\/07\/Ale-pizza-300x169.png' style='background-image:url(\"https:\/\/www.ecucina.eu\/site\/wp-content\/uploads\/2025\/07\/Ale-pizza-300x169.png\")'><\/span><span class='evcal_cblock ' data-bgcolor='#de7104' data-smon='settembre' data-syr='2026'><span class='evo_start '><em class='date'>14<\/em><em class='month'>set<\/em><em class='time'><i t=\"y\">(set 14)<\/i>18:30<\/em><\/span><span class='evo_end '><em class='date'>15<\/em><em class='time'><i t=\"y\">(set 15)<\/i>22:00<\/em><\/span><em class='clear'><\/em><\/span><span class='evcal_desc evo_info hide_eventtopdata '  data-location_status=\"false\" ><span class='evo_above_title'><\/span><span class='evcal_desc2 evcal_event_title' itemprop='name'>Corso base di panificazione :Pane, farine, impasti, lievitazioni 2 lez.<\/span><span class='evo_below_title'><\/span><span class='evcal_desc_info' ><\/span><span class='evcal_desc3'><\/span><\/span><em class='clear'><\/em><\/p><\/a><div class='clear end'><\/div><\/div><div id=\"event_13765\" class=\"eventon_list_event evo_eventtop  event\" data-event_id=\"13765\" data-time=\"1789585200-1789596000\" data-colr=\"#de7104\" itemscope itemtype='http:\/\/schema.org\/Event' 5><div class=\"evo_event_schema\" style=\"display:none\" ><a itemprop='url'  href='https:\/\/www.ecucina.eu\/site\/events\/piatti-della-cucina-giapponese-6\/'><\/a><span itemprop='name'  >Piatti della cucina giapponese<\/span><meta itemprop='image' content='https:\/\/www.ecucina.eu\/site\/wp-content\/uploads\/2025\/07\/okomonyaki-sito.png' ><\/meta><meta itemprop='description' content='\r\n\r\n\r\n\r\n\r\n\r\nIl corso di cucina giapponese in postazione singola di lavoro solo per 6 coccolatissimi partecipanti!\r\n\r\n\r\nSei un appassionato di' ><\/meta><meta itemprop='startDate' content='2026-9-16' ><\/meta><meta itemprop='endDate' content='2026-9-16' ><\/meta><meta itemprop='eventStatus' content='on-schedule' ><\/meta>\n\t\t\t\t\t\t\t\t\t<item style=\"display:none\" itemprop=\"location\" itemscope itemtype=\"http:\/\/schema.org\/Place\">\n\t\t\t\t\t\t\t\t\t\t<span itemprop=\"name\">\u00e8 cucina.<\/span>\n\t\t\t\t\t\t\t\t\t\t<span itemprop=\"address\" itemscope itemtype=\"http:\/\/schema.org\/PostalAddress\">\n\t\t\t\t\t\t\t\t\t\t\t<item itemprop=\"streetAddress\">Via Carducci, 30  Verona<\/item>\n\t\t\t\t\t\t\t\t\t\t<\/span><\/item><script type=\"application\/ld+json\">{\t\"@context\": \"http:\/\/schema.org\",\n\t\t\t\t\t\t\t  \t\"@type\": \"Event\",\n\t\t\t\t\t\t\t  \t\"name\": \"Piatti della cucina giapponese\",\n\t\t\t\t\t\t\t  \t\"startDate\": \"2026-9-16T19-19-00-00\",\n\t\t\t\t\t\t\t  \t\"endDate\": \"2026-9-16T22-22-00-00\",\n\t\t\t\t\t\t\t  \t\"image\":\"https:\/\/www.ecucina.eu\/site\/wp-content\/uploads\/2025\/07\/okomonyaki-sito-300x169.png\",\n\t\t\t\t\t\t\t  \t\"description\":\"\r\n\r\n\r\n\r\n\r\n\r\nIl corso di cucina giapponese in postazione singola di lavoro solo per 6 coccolatissimi partecipanti!\r\n\r\n\r\nSei un appassionato di\",\n\t\t\t\t\t\t\t  \t\"location\":{\n\t\t\t\t\t\t\t\t\t\t\"@type\":\"Place\",\n\t\t\t\t\t\t\t\t\t\t\"name\":\"\u00e8 cucina.\",\n\t\t\t\t\t\t\t\t\t\t\"address\":\"Via Carducci, 30  Verona\"\n\t\t\t\t\t\t\t  \t\t}\n\t\t\t\t\t\t\t }<\/script><\/div>\n\t\t\t\t<p class=\"desc_trig_outter\"><a data-gmap_status=\"null\" data-exlk=\"0\" style=\"border-color: #de7104;\" id=\"evc_178958520013765\" class=\"hasFtIMG desc_trig sin_val evcal_list_a\" data-ux_val=\"4\"  ><span class='ev_ftImg' data-img='https:\/\/www.ecucina.eu\/site\/wp-content\/uploads\/2025\/07\/okomonyaki-sito.png' data-thumb='https:\/\/www.ecucina.eu\/site\/wp-content\/uploads\/2025\/07\/okomonyaki-sito-300x169.png' style='background-image:url(\"https:\/\/www.ecucina.eu\/site\/wp-content\/uploads\/2025\/07\/okomonyaki-sito-300x169.png\")'><\/span><span class='evcal_cblock ' data-bgcolor='#de7104' data-smon='settembre' data-syr='2026'><span class='evo_start '><em class='date'>16<\/em><em class='month'>set<\/em><em class='time'>19:00<\/em><\/span><span class='evo_end only_time'><em class='time'>22:00<\/em><\/span><em class='clear'><\/em><\/span><span class='evcal_desc evo_info hide_eventtopdata '  data-location_address=\"Via Carducci, 30  Verona\" data-location_type=\"address\" data-location_name=\"\u00e8 cucina.\" data-location_status=\"true\" ><span class='evo_above_title'><\/span><span class='evcal_desc2 evcal_event_title' itemprop='name'>Piatti della cucina giapponese<\/span><span class='evo_below_title'><\/span><span class='evcal_desc_info' ><\/span><span class='evcal_desc3'><\/span><\/span><em class='clear'><\/em><\/p><\/a><div class='clear end'><\/div><\/div><div id=\"event_13779\" class=\"eventon_list_event evo_eventtop  event\" data-event_id=\"13779\" data-time=\"1789758000-1789768800\" data-colr=\"#dff230\" itemscope itemtype='http:\/\/schema.org\/Event' 6><div class=\"evo_event_schema\" style=\"display:none\" ><a itemprop='url'  href='https:\/\/www.ecucina.eu\/site\/events\/new-elementi-di-macrobiotica-abc-di-cereali-e-legumi\/'><\/a><span itemprop='name'  >New! Elementi di macrobiotica: ABC di cereali e legumi<\/span><meta itemprop='image' content='https:\/\/www.ecucina.eu\/site\/wp-content\/uploads\/2025\/07\/primi-piatti-vegsito.png' ><\/meta><meta itemprop='description' content='\r\n\r\n&nbsp;\r\n\r\nSe\u00a0 siete vegetariani o se siete neofiti di una\u00a0 cucina naturale, che vada verso un minor consumo di proteine animali e una maggiore eticit\u00e0, oppure' ><\/meta><meta itemprop='startDate' content='2026-9-18' ><\/meta><meta itemprop='endDate' content='2026-9-18' ><\/meta><meta itemprop='eventStatus' content='on-schedule' ><\/meta><script type=\"application\/ld+json\">{\t\"@context\": \"http:\/\/schema.org\",\n\t\t\t\t\t\t\t  \t\"@type\": \"Event\",\n\t\t\t\t\t\t\t  \t\"name\": \"New! Elementi di macrobiotica: ABC di cereali e legumi\",\n\t\t\t\t\t\t\t  \t\"startDate\": \"2026-9-18T19-19-00-00\",\n\t\t\t\t\t\t\t  \t\"endDate\": \"2026-9-18T22-22-00-00\",\n\t\t\t\t\t\t\t  \t\"image\":\"https:\/\/www.ecucina.eu\/site\/wp-content\/uploads\/2025\/07\/primi-piatti-vegsito-300x169.png\",\n\t\t\t\t\t\t\t  \t\"description\":\"\r\n\r\n&nbsp;\r\n\r\nSe\u00a0 siete vegetariani o se siete neofiti di una\u00a0 cucina naturale, che vada verso un minor consumo di proteine animali e una maggiore eticit\u00e0, oppure\",\n\t\t\t\t\t\t\t  \t\n\t\t\t\t\t\t\t }<\/script><\/div>\n\t\t\t\t<p class=\"desc_trig_outter\"><a data-gmap_status=\"null\" data-exlk=\"0\" style=\"border-color: #dff230;\" id=\"evc_178975800013779\" class=\"hasFtIMG desc_trig sin_val evcal_list_a\" data-ux_val=\"4\"  ><span class='ev_ftImg' data-img='https:\/\/www.ecucina.eu\/site\/wp-content\/uploads\/2025\/07\/primi-piatti-vegsito.png' data-thumb='https:\/\/www.ecucina.eu\/site\/wp-content\/uploads\/2025\/07\/primi-piatti-vegsito-300x169.png' style='background-image:url(\"https:\/\/www.ecucina.eu\/site\/wp-content\/uploads\/2025\/07\/primi-piatti-vegsito-300x169.png\")'><\/span><span class='evcal_cblock ' data-bgcolor='#dff230' data-smon='settembre' data-syr='2026'><span class='evo_start '><em class='date'>18<\/em><em class='month'>set<\/em><em class='time'>19:00<\/em><\/span><span class='evo_end only_time'><em class='time'>22:00<\/em><\/span><em class='clear'><\/em><\/span><span class='evcal_desc evo_info hide_eventtopdata '  data-location_status=\"false\" ><span class='evo_above_title'><\/span><span class='evcal_desc2 evcal_event_title' itemprop='name'>New! Elementi di macrobiotica: ABC di cereali e legumi<\/span><span class='evo_below_title'><\/span><span class='evcal_desc_info' ><\/span><span class='evcal_desc3'><\/span><\/span><em class='clear'><\/em><\/p><\/a><div class='clear end'><\/div><\/div><div id=\"event_13767\" class=\"eventon_list_event evo_eventtop  event\" data-event_id=\"13767\" data-time=\"1790017200-1790028000\" data-colr=\"#de7104\" itemscope itemtype='http:\/\/schema.org\/Event' 7><div class=\"evo_event_schema\" style=\"display:none\" ><a itemprop='url'  href='https:\/\/www.ecucina.eu\/site\/events\/cucina-chifa-cucina-peruviana-cinese-con-gabriel-zevallos\/'><\/a><span itemprop='name'  >Cucina Chifa: cucina peruviana cinese con Gabriel Zevallos<\/span><meta itemprop='image' content='https:\/\/www.ecucina.eu\/site\/wp-content\/uploads\/2025\/07\/gabriel-sito.png' ><\/meta><meta itemprop='description' content='\r\n\r\nUn nuovo corso etnico di \u00e8Cucina! la cucina peruviana cinese che ci ha fatto conoscere lo chef peruviano Gabriel, Ristorante Inka.\r\nUn corso di' ><\/meta><meta itemprop='startDate' content='2026-9-21' ><\/meta><meta itemprop='endDate' content='2026-9-21' ><\/meta><meta itemprop='eventStatus' content='on-schedule' ><\/meta>\n\t\t\t\t\t\t\t\t\t<item style=\"display:none\" itemprop=\"location\" itemscope itemtype=\"http:\/\/schema.org\/Place\">\n\t\t\t\t\t\t\t\t\t\t<span itemprop=\"name\">\u00e8 cucina.<\/span>\n\t\t\t\t\t\t\t\t\t\t<span itemprop=\"address\" itemscope itemtype=\"http:\/\/schema.org\/PostalAddress\">\n\t\t\t\t\t\t\t\t\t\t\t<item itemprop=\"streetAddress\">Via Carducci, 30  Verona<\/item>\n\t\t\t\t\t\t\t\t\t\t<\/span><\/item><script type=\"application\/ld+json\">{\t\"@context\": \"http:\/\/schema.org\",\n\t\t\t\t\t\t\t  \t\"@type\": \"Event\",\n\t\t\t\t\t\t\t  \t\"name\": \"Cucina Chifa: cucina peruviana cinese con Gabriel Zevallos\",\n\t\t\t\t\t\t\t  \t\"startDate\": \"2026-9-21T19-19-00-00\",\n\t\t\t\t\t\t\t  \t\"endDate\": \"2026-9-21T22-22-00-00\",\n\t\t\t\t\t\t\t  \t\"image\":\"https:\/\/www.ecucina.eu\/site\/wp-content\/uploads\/2025\/07\/gabriel-sito-300x169.png\",\n\t\t\t\t\t\t\t  \t\"description\":\"\r\n\r\nUn nuovo corso etnico di \u00e8Cucina! la cucina peruviana cinese che ci ha fatto conoscere lo chef peruviano Gabriel, Ristorante Inka.\r\nUn corso di\",\n\t\t\t\t\t\t\t  \t\"location\":{\n\t\t\t\t\t\t\t\t\t\t\"@type\":\"Place\",\n\t\t\t\t\t\t\t\t\t\t\"name\":\"\u00e8 cucina.\",\n\t\t\t\t\t\t\t\t\t\t\"address\":\"Via Carducci, 30  Verona\"\n\t\t\t\t\t\t\t  \t\t}\n\t\t\t\t\t\t\t }<\/script><\/div>\n\t\t\t\t<p class=\"desc_trig_outter\"><a data-gmap_status=\"null\" data-exlk=\"0\" style=\"border-color: #de7104;\" id=\"evc_179001720013767\" class=\"hasFtIMG desc_trig sin_val evcal_list_a\" data-ux_val=\"4\"  ><span class='ev_ftImg' data-img='https:\/\/www.ecucina.eu\/site\/wp-content\/uploads\/2025\/07\/gabriel-sito.png' data-thumb='https:\/\/www.ecucina.eu\/site\/wp-content\/uploads\/2025\/07\/gabriel-sito-300x169.png' style='background-image:url(\"https:\/\/www.ecucina.eu\/site\/wp-content\/uploads\/2025\/07\/gabriel-sito-300x169.png\")'><\/span><span class='evcal_cblock ' data-bgcolor='#de7104' data-smon='settembre' data-syr='2026'><span class='evo_start '><em class='date'>21<\/em><em class='month'>set<\/em><em class='time'>19:00<\/em><\/span><span class='evo_end only_time'><em class='time'>22:00<\/em><\/span><em class='clear'><\/em><\/span><span class='evcal_desc evo_info hide_eventtopdata '  data-location_address=\"Via Carducci, 30  Verona\" data-location_type=\"address\" data-location_name=\"\u00e8 cucina.\" data-location_status=\"true\" ><span class='evo_above_title'><\/span><span class='evcal_desc2 evcal_event_title' itemprop='name'>Cucina Chifa: cucina peruviana cinese con Gabriel Zevallos<\/span><span class='evo_below_title'><\/span><span class='evcal_desc_info' ><\/span><span class='evcal_desc3'><\/span><\/span><em class='clear'><\/em><\/p><\/a><div class='clear end'><\/div><\/div><div id=\"event_13769\" class=\"eventon_list_event evo_eventtop  event\" data-event_id=\"13769\" data-time=\"1790190000-1790200800\" data-colr=\"#de7104\" itemscope itemtype='http:\/\/schema.org\/Event' 8><div class=\"evo_event_schema\" style=\"display:none\" ><a itemprop='url'  href='https:\/\/www.ecucina.eu\/site\/events\/antipasti-di-pesce-8\/'><\/a><span itemprop='name'  >Antipasti di pesce<\/span><meta itemprop='image' content='https:\/\/www.ecucina.eu\/site\/wp-content\/uploads\/2025\/07\/antipasti-di-pesce-sito.png' ><\/meta><meta itemprop='description' content='\r\n\r\nUn antipasto di pesce\u00a0 fatto a regola d'arte? Un\u00a0 corso di cucina\u00a0 con le ricette su come creare dei piatti di mare come antipasto o' ><\/meta><meta itemprop='startDate' content='2026-9-23' ><\/meta><meta itemprop='endDate' content='2026-9-23' ><\/meta><meta itemprop='eventStatus' content='on-schedule' ><\/meta>\n\t\t\t\t\t\t\t\t\t<item style=\"display:none\" itemprop=\"location\" itemscope itemtype=\"http:\/\/schema.org\/Place\">\n\t\t\t\t\t\t\t\t\t\t<span itemprop=\"name\">\u00e8 cucina.<\/span>\n\t\t\t\t\t\t\t\t\t\t<span itemprop=\"address\" itemscope itemtype=\"http:\/\/schema.org\/PostalAddress\">\n\t\t\t\t\t\t\t\t\t\t\t<item itemprop=\"streetAddress\">Via Carducci, 30  Verona<\/item>\n\t\t\t\t\t\t\t\t\t\t<\/span><\/item><script type=\"application\/ld+json\">{\t\"@context\": \"http:\/\/schema.org\",\n\t\t\t\t\t\t\t  \t\"@type\": \"Event\",\n\t\t\t\t\t\t\t  \t\"name\": \"Antipasti di pesce\",\n\t\t\t\t\t\t\t  \t\"startDate\": \"2026-9-23T19-19-00-00\",\n\t\t\t\t\t\t\t  \t\"endDate\": \"2026-9-23T22-22-00-00\",\n\t\t\t\t\t\t\t  \t\"image\":\"https:\/\/www.ecucina.eu\/site\/wp-content\/uploads\/2025\/07\/antipasti-di-pesce-sito-300x169.png\",\n\t\t\t\t\t\t\t  \t\"description\":\"\r\n\r\nUn antipasto di pesce\u00a0 fatto a regola d'arte? Un\u00a0 corso di cucina\u00a0 con le ricette su come creare dei piatti di mare come antipasto o\",\n\t\t\t\t\t\t\t  \t\"location\":{\n\t\t\t\t\t\t\t\t\t\t\"@type\":\"Place\",\n\t\t\t\t\t\t\t\t\t\t\"name\":\"\u00e8 cucina.\",\n\t\t\t\t\t\t\t\t\t\t\"address\":\"Via Carducci, 30  Verona\"\n\t\t\t\t\t\t\t  \t\t}\n\t\t\t\t\t\t\t }<\/script><\/div>\n\t\t\t\t<p class=\"desc_trig_outter\"><a data-gmap_status=\"null\" data-exlk=\"0\" style=\"border-color: #de7104;\" id=\"evc_179019000013769\" class=\"hasFtIMG desc_trig sin_val evcal_list_a\" data-ux_val=\"4\"  ><span class='ev_ftImg' data-img='https:\/\/www.ecucina.eu\/site\/wp-content\/uploads\/2025\/07\/antipasti-di-pesce-sito.png' data-thumb='https:\/\/www.ecucina.eu\/site\/wp-content\/uploads\/2025\/07\/antipasti-di-pesce-sito-300x169.png' style='background-image:url(\"https:\/\/www.ecucina.eu\/site\/wp-content\/uploads\/2025\/07\/antipasti-di-pesce-sito-300x169.png\")'><\/span><span class='evcal_cblock ' data-bgcolor='#de7104' data-smon='settembre' data-syr='2026'><span class='evo_start '><em class='date'>23<\/em><em class='month'>set<\/em><em class='time'>19:00<\/em><\/span><span class='evo_end only_time'><em class='time'>22:00<\/em><\/span><em class='clear'><\/em><\/span><span class='evcal_desc evo_info hide_eventtopdata '  data-location_address=\"Via Carducci, 30  Verona\" data-location_type=\"address\" data-location_name=\"\u00e8 cucina.\" data-location_status=\"true\" ><span class='evo_above_title'><\/span><span class='evcal_desc2 evcal_event_title' itemprop='name'>Antipasti di pesce<\/span><span class='evo_below_title'><\/span><span class='evcal_desc_info' ><\/span><span class='evcal_desc3'><\/span><\/span><em class='clear'><\/em><\/p><\/a><div class='clear end'><\/div><\/div><div id=\"event_13771\" class=\"eventon_list_event evo_eventtop  event\" data-event_id=\"13771\" data-time=\"1790362800-1790373600\" data-colr=\"#de7104\" itemscope itemtype='http:\/\/schema.org\/Event' 9><div class=\"evo_event_schema\" style=\"display:none\" ><a itemprop='url'  href='https:\/\/www.ecucina.eu\/site\/events\/newcucina-in-coppia-primi-piatti-romani-cult\/'><\/a><span itemprop='name'  >New!Cucina in coppia: primi piatti romani cult<\/span><meta itemprop='image' content='https:\/\/www.ecucina.eu\/site\/wp-content\/uploads\/2025\/07\/coppia-sito.png' ><\/meta><meta itemprop='description' content='\r\n\r\n&nbsp;\r\n\r\nSandra e Raimondo di \u00e8Cucina sono degli appassionati di piatti regionali, i primi piatti romani sono tra questi!\r\n\r\nSono dei piatti semplici, fatti di pochi ingredienti, come la' ><\/meta><meta itemprop='startDate' content='2026-9-25' ><\/meta><meta itemprop='endDate' content='2026-9-25' ><\/meta><meta itemprop='eventStatus' content='on-schedule' ><\/meta><script type=\"application\/ld+json\">{\t\"@context\": \"http:\/\/schema.org\",\n\t\t\t\t\t\t\t  \t\"@type\": \"Event\",\n\t\t\t\t\t\t\t  \t\"name\": \"New!Cucina in coppia: primi piatti romani cult\",\n\t\t\t\t\t\t\t  \t\"startDate\": \"2026-9-25T19-19-00-00\",\n\t\t\t\t\t\t\t  \t\"endDate\": \"2026-9-25T22-22-00-00\",\n\t\t\t\t\t\t\t  \t\"image\":\"https:\/\/www.ecucina.eu\/site\/wp-content\/uploads\/2025\/07\/coppia-sito-300x169.png\",\n\t\t\t\t\t\t\t  \t\"description\":\"\r\n\r\n&nbsp;\r\n\r\nSandra e Raimondo di \u00e8Cucina sono degli appassionati di piatti regionali, i primi piatti romani sono tra questi!\r\n\r\nSono dei piatti semplici, fatti di pochi ingredienti, come la\",\n\t\t\t\t\t\t\t  \t\n\t\t\t\t\t\t\t }<\/script><\/div>\n\t\t\t\t<p class=\"desc_trig_outter\"><a data-gmap_status=\"null\" data-exlk=\"0\" style=\"border-color: #de7104;\" id=\"evc_179036280013771\" class=\"hasFtIMG desc_trig sin_val evcal_list_a\" data-ux_val=\"4\"  ><span class='ev_ftImg' data-img='https:\/\/www.ecucina.eu\/site\/wp-content\/uploads\/2025\/07\/coppia-sito.png' data-thumb='https:\/\/www.ecucina.eu\/site\/wp-content\/uploads\/2025\/07\/coppia-sito-300x169.png' style='background-image:url(\"https:\/\/www.ecucina.eu\/site\/wp-content\/uploads\/2025\/07\/coppia-sito-300x169.png\")'><\/span><span class='evcal_cblock ' data-bgcolor='#de7104' data-smon='settembre' data-syr='2026'><span class='evo_start '><em class='date'>25<\/em><em class='month'>set<\/em><em class='time'>19:00<\/em><\/span><span class='evo_end only_time'><em class='time'>22:00<\/em><\/span><em class='clear'><\/em><\/span><span class='evcal_desc evo_info hide_eventtopdata '  data-location_status=\"false\" ><span class='evo_above_title'><\/span><span class='evcal_desc2 evcal_event_title' itemprop='name'>New!Cucina in coppia: primi piatti romani cult<\/span><span class='evo_below_title'><\/span><span class='evcal_desc_info' ><\/span><span class='evcal_desc3'><\/span><\/span><em class='clear'><\/em><\/p><\/a><div class='clear end'><\/div><\/div><div id=\"event_13773\" class=\"eventon_list_event evo_eventtop  event\" data-event_id=\"13773\" data-time=\"1790622000-1790632800\" data-colr=\"#de7104\" itemscope itemtype='http:\/\/schema.org\/Event' 10><div class=\"evo_event_schema\" style=\"display:none\" ><a itemprop='url'  href='https:\/\/www.ecucina.eu\/site\/events\/newcucina-in-coppia-italian-tapas-by-tapasotto\/'><\/a><span itemprop='name'  >New!Cucina in coppia: Italian tapas by Tapasotto<\/span><meta itemprop='image' content='https:\/\/www.ecucina.eu\/site\/wp-content\/uploads\/2025\/07\/coppia-sito.png' ><\/meta><meta itemprop='description' content='&nbsp;\r\n\r\n\r\n\r\nUn corso nuovo dedicato alle coppie di \u00e8Cucina con chef dei Ristoranti preferiti da \u00e8Cucina\r\n\r\nNuovo men\u00f9\u00a0 del\u00a0 Tapasotto\u00a0 con l\u2019anima femminile del ristorante chef Anna Missaglia.\r\n\r\nUn nuovo' ><\/meta><meta itemprop='startDate' content='2026-9-28' ><\/meta><meta itemprop='endDate' content='2026-9-28' ><\/meta><meta itemprop='eventStatus' content='on-schedule' ><\/meta><script type=\"application\/ld+json\">{\t\"@context\": \"http:\/\/schema.org\",\n\t\t\t\t\t\t\t  \t\"@type\": \"Event\",\n\t\t\t\t\t\t\t  \t\"name\": \"New!Cucina in coppia: Italian tapas by Tapasotto\",\n\t\t\t\t\t\t\t  \t\"startDate\": \"2026-9-28T19-19-00-00\",\n\t\t\t\t\t\t\t  \t\"endDate\": \"2026-9-28T22-22-00-00\",\n\t\t\t\t\t\t\t  \t\"image\":\"https:\/\/www.ecucina.eu\/site\/wp-content\/uploads\/2025\/07\/coppia-sito-300x169.png\",\n\t\t\t\t\t\t\t  \t\"description\":\"&nbsp;\r\n\r\n\r\n\r\nUn corso nuovo dedicato alle coppie di \u00e8Cucina con chef dei Ristoranti preferiti da \u00e8Cucina\r\n\r\nNuovo men\u00f9\u00a0 del\u00a0 Tapasotto\u00a0 con l\u2019anima femminile del ristorante chef Anna Missaglia.\r\n\r\nUn nuovo\",\n\t\t\t\t\t\t\t  \t\n\t\t\t\t\t\t\t }<\/script><\/div>\n\t\t\t\t<p class=\"desc_trig_outter\"><a data-gmap_status=\"null\" data-exlk=\"0\" style=\"border-color: #de7104;\" id=\"evc_179062200013773\" class=\"hasFtIMG desc_trig sin_val evcal_list_a\" data-ux_val=\"4\"  ><span class='ev_ftImg' data-img='https:\/\/www.ecucina.eu\/site\/wp-content\/uploads\/2025\/07\/coppia-sito.png' data-thumb='https:\/\/www.ecucina.eu\/site\/wp-content\/uploads\/2025\/07\/coppia-sito-300x169.png' style='background-image:url(\"https:\/\/www.ecucina.eu\/site\/wp-content\/uploads\/2025\/07\/coppia-sito-300x169.png\")'><\/span><span class='evcal_cblock ' data-bgcolor='#de7104' data-smon='settembre' data-syr='2026'><span class='evo_start '><em class='date'>28<\/em><em class='month'>set<\/em><em class='time'>19:00<\/em><\/span><span class='evo_end only_time'><em class='time'>22:00<\/em><\/span><em class='clear'><\/em><\/span><span class='evcal_desc evo_info hide_eventtopdata '  data-location_status=\"false\" ><span class='evo_above_title'><\/span><span class='evcal_desc2 evcal_event_title' itemprop='name'>New!Cucina in coppia: Italian tapas by Tapasotto<\/span><span class='evo_below_title'><\/span><span class='evcal_desc_info' ><\/span><span class='evcal_desc3'><\/span><\/span><em class='clear'><\/em><\/p><\/a><div class='clear end'><\/div><\/div><div id=\"event_13775\" class=\"eventon_list_event evo_eventtop  event\" data-event_id=\"13775\" data-time=\"1790708400-1790719200\" data-colr=\"#de7104\" itemscope itemtype='http:\/\/schema.org\/Event' 11><div class=\"evo_event_schema\" style=\"display:none\" ><a itemprop='url'  href='https:\/\/www.ecucina.eu\/site\/events\/primi-piatti-plant-based-e-salse-iconiche-2\/'><\/a><span itemprop='name'  >Primi piatti plant based e salse iconiche<\/span><meta itemprop='image' content='https:\/\/www.ecucina.eu\/site\/wp-content\/uploads\/2025\/07\/primi-piatti-vegsito.png' ><\/meta><meta itemprop='description' content='\r\nBenevuti al corso che ridefinisce il concetto di cucina vegetale italiana!\r\nSiete pronti a dimenticare l'idea che l'alimentazione plant-based sia sinonimo' ><\/meta><meta itemprop='startDate' content='2026-9-29' ><\/meta><meta itemprop='endDate' content='2026-9-29' ><\/meta><meta itemprop='eventStatus' content='on-schedule' ><\/meta>\n\t\t\t\t\t\t\t\t\t<item style=\"display:none\" itemprop=\"location\" itemscope itemtype=\"http:\/\/schema.org\/Place\">\n\t\t\t\t\t\t\t\t\t\t<span itemprop=\"name\">\u00e8 cucina.<\/span>\n\t\t\t\t\t\t\t\t\t\t<span itemprop=\"address\" itemscope itemtype=\"http:\/\/schema.org\/PostalAddress\">\n\t\t\t\t\t\t\t\t\t\t\t<item itemprop=\"streetAddress\">Via Carducci, 30  Verona<\/item>\n\t\t\t\t\t\t\t\t\t\t<\/span><\/item><script type=\"application\/ld+json\">{\t\"@context\": \"http:\/\/schema.org\",\n\t\t\t\t\t\t\t  \t\"@type\": \"Event\",\n\t\t\t\t\t\t\t  \t\"name\": \"Primi piatti plant based e salse iconiche\",\n\t\t\t\t\t\t\t  \t\"startDate\": \"2026-9-29T19-19-00-00\",\n\t\t\t\t\t\t\t  \t\"endDate\": \"2026-9-29T22-22-00-00\",\n\t\t\t\t\t\t\t  \t\"image\":\"https:\/\/www.ecucina.eu\/site\/wp-content\/uploads\/2025\/07\/primi-piatti-vegsito-300x169.png\",\n\t\t\t\t\t\t\t  \t\"description\":\"\r\nBenevuti al corso che ridefinisce il concetto di cucina vegetale italiana!\r\nSiete pronti a dimenticare l'idea che l'alimentazione plant-based sia sinonimo\",\n\t\t\t\t\t\t\t  \t\"location\":{\n\t\t\t\t\t\t\t\t\t\t\"@type\":\"Place\",\n\t\t\t\t\t\t\t\t\t\t\"name\":\"\u00e8 cucina.\",\n\t\t\t\t\t\t\t\t\t\t\"address\":\"Via Carducci, 30  Verona\"\n\t\t\t\t\t\t\t  \t\t}\n\t\t\t\t\t\t\t }<\/script><\/div>\n\t\t\t\t<p class=\"desc_trig_outter\"><a data-gmap_status=\"null\" data-exlk=\"0\" style=\"border-color: #de7104;\" id=\"evc_179070840013775\" class=\"hasFtIMG desc_trig sin_val evcal_list_a\" data-ux_val=\"4\"  ><span class='ev_ftImg' data-img='https:\/\/www.ecucina.eu\/site\/wp-content\/uploads\/2025\/07\/primi-piatti-vegsito.png' data-thumb='https:\/\/www.ecucina.eu\/site\/wp-content\/uploads\/2025\/07\/primi-piatti-vegsito-300x169.png' style='background-image:url(\"https:\/\/www.ecucina.eu\/site\/wp-content\/uploads\/2025\/07\/primi-piatti-vegsito-300x169.png\")'><\/span><span class='evcal_cblock ' data-bgcolor='#de7104' data-smon='settembre' data-syr='2026'><span class='evo_start '><em class='date'>29<\/em><em class='month'>set<\/em><em class='time'>19:00<\/em><\/span><span class='evo_end only_time'><em class='time'>22:00<\/em><\/span><em class='clear'><\/em><\/span><span class='evcal_desc evo_info hide_eventtopdata '  data-location_address=\"Via Carducci, 30  Verona\" data-location_type=\"address\" data-location_name=\"\u00e8 cucina.\" data-location_status=\"true\" ><span class='evo_above_title'><\/span><span class='evcal_desc2 evcal_event_title' itemprop='name'>Primi piatti plant based e salse iconiche<\/span><span class='evo_below_title'><\/span><span class='evcal_desc_info' ><\/span><span class='evcal_desc3'><\/span><\/span><em class='clear'><\/em><\/p><\/a><div class='clear end'><\/div><\/div><div id=\"event_13777\" class=\"eventon_list_event evo_eventtop  event\" data-event_id=\"13777\" data-time=\"1790794800-1790805600\" data-colr=\"#de7104\" itemscope itemtype='http:\/\/schema.org\/Event' 12><div class=\"evo_event_schema\" style=\"display:none\" ><a itemprop='url'  href='https:\/\/www.ecucina.eu\/site\/events\/cucina-in-coppia-menu-peruviano-2\/'><\/a><span itemprop='name'  >Cucina in coppia: men\u00f9 peruviano<\/span><meta itemprop='image' content='https:\/\/www.ecucina.eu\/site\/wp-content\/uploads\/2025\/07\/coppia-sito.png' ><\/meta><meta itemprop='description' content='\r\n\r\nNuova sede e tanti corsi di cucine per le coppie!\r\n\r\nCorso per 6 coccolatissime coppie\u00a0 in postazione singola di lavoro\r\n\r\nUn nuovo corso' ><\/meta><meta itemprop='startDate' content='2026-9-30' ><\/meta><meta itemprop='endDate' content='2026-9-30' ><\/meta><meta itemprop='eventStatus' content='on-schedule' ><\/meta><script type=\"application\/ld+json\">{\t\"@context\": \"http:\/\/schema.org\",\n\t\t\t\t\t\t\t  \t\"@type\": \"Event\",\n\t\t\t\t\t\t\t  \t\"name\": \"Cucina in coppia: men\u00f9 peruviano\",\n\t\t\t\t\t\t\t  \t\"startDate\": \"2026-9-30T19-19-00-00\",\n\t\t\t\t\t\t\t  \t\"endDate\": \"2026-9-30T22-22-00-00\",\n\t\t\t\t\t\t\t  \t\"image\":\"https:\/\/www.ecucina.eu\/site\/wp-content\/uploads\/2025\/07\/coppia-sito-300x169.png\",\n\t\t\t\t\t\t\t  \t\"description\":\"\r\n\r\nNuova sede e tanti corsi di cucine per le coppie!\r\n\r\nCorso per 6 coccolatissime coppie\u00a0 in postazione singola di lavoro\r\n\r\nUn nuovo corso\",\n\t\t\t\t\t\t\t  \t\n\t\t\t\t\t\t\t }<\/script><\/div>\n\t\t\t\t<p class=\"desc_trig_outter\"><a data-gmap_status=\"null\" data-exlk=\"0\" style=\"border-color: #de7104;\" id=\"evc_179079480013777\" class=\"hasFtIMG desc_trig sin_val evcal_list_a\" data-ux_val=\"4\"  ><span class='ev_ftImg' data-img='https:\/\/www.ecucina.eu\/site\/wp-content\/uploads\/2025\/07\/coppia-sito.png' data-thumb='https:\/\/www.ecucina.eu\/site\/wp-content\/uploads\/2025\/07\/coppia-sito-300x169.png' style='background-image:url(\"https:\/\/www.ecucina.eu\/site\/wp-content\/uploads\/2025\/07\/coppia-sito-300x169.png\")'><\/span><span class='evcal_cblock ' data-bgcolor='#de7104' data-smon='settembre' data-syr='2026'><span class='evo_start '><em class='date'>30<\/em><em class='month'>set<\/em><em class='time'>19:00<\/em><\/span><span class='evo_end only_time'><em class='time'>22:00<\/em><\/span><em class='clear'><\/em><\/span><span class='evcal_desc evo_info hide_eventtopdata '  data-location_status=\"false\" ><span class='evo_above_title'><\/span><span class='evcal_desc2 evcal_event_title' itemprop='name'>Cucina in coppia: men\u00f9 peruviano<\/span><span class='evo_below_title'><\/span><span class='evcal_desc_info' ><\/span><span class='evcal_desc3'><\/span><\/span><em class='clear'><\/em><\/p><\/a><div class='clear end'><\/div><\/div>\t\t\t<div class='clear'><\/div>\n\t\t\t<\/div><!-- #evcal_list-->\n\t\t\t<div class='clear'><\/div>\n\t\n\t\t\t\n\t\t\t\t\t\t<\/div><!-- .ajde_evcal_calendar-->\n\n\t\t\t[\/vc_column][\/vc_row][vc_row][vc_column][vc_column_text]Attenzione arrivano i corsi di cucina on-line, in videoconferenza e interattivi.<\/p>\n<p>per info scrivi a info@ecucina.eu[\/vc_column_text][\/vc_column][\/vc_row]<\/p>\n","protected":false},"excerpt":{"rendered":"<p>[vc_row gap=&#8221;20&#8243;][vc_column width=&#8221;1\/2&#8243; css=&#8221;.vc_custom_1538554609169{background-color: #ffffff !important;}&#8221;][vc_column_text] \u00e8Passione E&#8217; Cucina nasce dalla passione per la cucina e la pasticceria dei due fondatori, Martina\u00a0Cortelazzo e Alessandro Lasferza. \u00c8 cucina \u00e8 la scuola di cucina con sede propria a Verona dedicata a corsi per adulti, eventi gastronomici, show cooking, Pop Up cene, cene a domicilio, cooking team building&#8230;<\/p>\n","protected":false},"author":1,"featured_media":0,"parent":0,"menu_order":0,"comment_status":"open","ping_status":"open","template":"","meta":{"footnotes":""},"class_list":["post-35","page","type-page","status-publish","hentry"],"yoast_head":"<!-- This site is optimized with the Yoast SEO plugin v28.2 - https:\/\/yoast.com\/product\/yoast-seo-wordpress\/ -->\n<title>CORSI DI CUCINA - E&#039; Cucina<\/title>\n<meta name=\"robots\" content=\"index, follow, max-snippet:-1, max-image-preview:large, max-video-preview:-1\" \/>\n<link rel=\"canonical\" href=\"https:\/\/www.ecucina.eu\/site\/classes-2\/\" \/>\n<meta property=\"og:locale\" content=\"en_US\" \/>\n<meta property=\"og:type\" content=\"article\" \/>\n<meta property=\"og:title\" content=\"CORSI DI CUCINA - E&#039; Cucina\" \/>\n<meta property=\"og:description\" content=\"[vc_row gap=&#8221;20&#8243;][vc_column width=&#8221;1\/2&#8243; css=&#8221;.vc_custom_1538554609169{background-color: #ffffff !important;}&#8221;][vc_column_text] \u00e8Passione E&#8217; Cucina nasce dalla passione per la cucina e la pasticceria dei due fondatori, Martina\u00a0Cortelazzo e Alessandro Lasferza. \u00c8 cucina \u00e8 la scuola di cucina con sede propria a Verona dedicata a corsi per adulti, eventi gastronomici, show cooking, Pop Up cene, cene a domicilio, cooking team building...\" \/>\n<meta property=\"og:url\" content=\"https:\/\/www.ecucina.eu\/site\/classes-2\/\" \/>\n<meta property=\"og:site_name\" content=\"E&#039; Cucina\" \/>\n<meta property=\"article:modified_time\" content=\"2025-11-27T19:25:20+00:00\" \/>\n<meta name=\"twitter:card\" content=\"summary_large_image\" \/>\n<meta name=\"twitter:label1\" content=\"Est. reading time\" \/>\n\t<meta name=\"twitter:data1\" content=\"2 minutes\" \/>\n<script type=\"application\/ld+json\" class=\"yoast-schema-graph\">{\"@context\":\"https:\\\/\\\/schema.org\",\"@graph\":[{\"@type\":\"WebPage\",\"@id\":\"https:\\\/\\\/www.ecucina.eu\\\/site\\\/classes-2\\\/\",\"url\":\"https:\\\/\\\/www.ecucina.eu\\\/site\\\/classes-2\\\/\",\"name\":\"CORSI DI CUCINA - E&#039; Cucina\",\"isPartOf\":{\"@id\":\"https:\\\/\\\/www.ecucina.eu\\\/site\\\/#website\"},\"datePublished\":\"2012-07-26T13:51:18+00:00\",\"dateModified\":\"2025-11-27T19:25:20+00:00\",\"breadcrumb\":{\"@id\":\"https:\\\/\\\/www.ecucina.eu\\\/site\\\/classes-2\\\/#breadcrumb\"},\"inLanguage\":\"en-US\",\"potentialAction\":[{\"@type\":\"ReadAction\",\"target\":[\"https:\\\/\\\/www.ecucina.eu\\\/site\\\/classes-2\\\/\"]}]},{\"@type\":\"BreadcrumbList\",\"@id\":\"https:\\\/\\\/www.ecucina.eu\\\/site\\\/classes-2\\\/#breadcrumb\",\"itemListElement\":[{\"@type\":\"ListItem\",\"position\":1,\"name\":\"Home\",\"item\":\"https:\\\/\\\/www.ecucina.eu\\\/site\\\/\"},{\"@type\":\"ListItem\",\"position\":2,\"name\":\"CORSI DI CUCINA\"}]},{\"@type\":\"WebSite\",\"@id\":\"https:\\\/\\\/www.ecucina.eu\\\/site\\\/#website\",\"url\":\"https:\\\/\\\/www.ecucina.eu\\\/site\\\/\",\"name\":\"E&#039; Cucina\",\"description\":\"La prima scuola di cucina di Verona\",\"potentialAction\":[{\"@type\":\"SearchAction\",\"target\":{\"@type\":\"EntryPoint\",\"urlTemplate\":\"https:\\\/\\\/www.ecucina.eu\\\/site\\\/?s={search_term_string}\"},\"query-input\":{\"@type\":\"PropertyValueSpecification\",\"valueRequired\":true,\"valueName\":\"search_term_string\"}}],\"inLanguage\":\"en-US\"}]}<\/script>\n<!-- \/ Yoast SEO plugin. -->","yoast_head_json":{"title":"CORSI DI CUCINA - E&#039; Cucina","robots":{"index":"index","follow":"follow","max-snippet":"max-snippet:-1","max-image-preview":"max-image-preview:large","max-video-preview":"max-video-preview:-1"},"canonical":"https:\/\/www.ecucina.eu\/site\/classes-2\/","og_locale":"en_US","og_type":"article","og_title":"CORSI DI CUCINA - E&#039; Cucina","og_description":"[vc_row gap=&#8221;20&#8243;][vc_column width=&#8221;1\/2&#8243; css=&#8221;.vc_custom_1538554609169{background-color: #ffffff !important;}&#8221;][vc_column_text] \u00e8Passione E&#8217; Cucina nasce dalla passione per la cucina e la pasticceria dei due fondatori, Martina\u00a0Cortelazzo e Alessandro Lasferza. \u00c8 cucina \u00e8 la scuola di cucina con sede propria a Verona dedicata a corsi per adulti, eventi gastronomici, show cooking, Pop Up cene, cene a domicilio, cooking team building...","og_url":"https:\/\/www.ecucina.eu\/site\/classes-2\/","og_site_name":"E&#039; Cucina","article_modified_time":"2025-11-27T19:25:20+00:00","twitter_card":"summary_large_image","twitter_misc":{"Est. reading time":"2 minutes"},"schema":{"@context":"https:\/\/schema.org","@graph":[{"@type":"WebPage","@id":"https:\/\/www.ecucina.eu\/site\/classes-2\/","url":"https:\/\/www.ecucina.eu\/site\/classes-2\/","name":"CORSI DI CUCINA - E&#039; Cucina","isPartOf":{"@id":"https:\/\/www.ecucina.eu\/site\/#website"},"datePublished":"2012-07-26T13:51:18+00:00","dateModified":"2025-11-27T19:25:20+00:00","breadcrumb":{"@id":"https:\/\/www.ecucina.eu\/site\/classes-2\/#breadcrumb"},"inLanguage":"en-US","potentialAction":[{"@type":"ReadAction","target":["https:\/\/www.ecucina.eu\/site\/classes-2\/"]}]},{"@type":"BreadcrumbList","@id":"https:\/\/www.ecucina.eu\/site\/classes-2\/#breadcrumb","itemListElement":[{"@type":"ListItem","position":1,"name":"Home","item":"https:\/\/www.ecucina.eu\/site\/"},{"@type":"ListItem","position":2,"name":"CORSI DI CUCINA"}]},{"@type":"WebSite","@id":"https:\/\/www.ecucina.eu\/site\/#website","url":"https:\/\/www.ecucina.eu\/site\/","name":"E&#039; Cucina","description":"La prima scuola di cucina di Verona","potentialAction":[{"@type":"SearchAction","target":{"@type":"EntryPoint","urlTemplate":"https:\/\/www.ecucina.eu\/site\/?s={search_term_string}"},"query-input":{"@type":"PropertyValueSpecification","valueRequired":true,"valueName":"search_term_string"}}],"inLanguage":"en-US"}]}},"_links":{"self":[{"href":"https:\/\/www.ecucina.eu\/site\/wp-json\/wp\/v2\/pages\/35","targetHints":{"allow":["GET"]}}],"collection":[{"href":"https:\/\/www.ecucina.eu\/site\/wp-json\/wp\/v2\/pages"}],"about":[{"href":"https:\/\/www.ecucina.eu\/site\/wp-json\/wp\/v2\/types\/page"}],"author":[{"embeddable":true,"href":"https:\/\/www.ecucina.eu\/site\/wp-json\/wp\/v2\/users\/1"}],"replies":[{"embeddable":true,"href":"https:\/\/www.ecucina.eu\/site\/wp-json\/wp\/v2\/comments?post=35"}],"version-history":[{"count":4,"href":"https:\/\/www.ecucina.eu\/site\/wp-json\/wp\/v2\/pages\/35\/revisions"}],"predecessor-version":[{"id":13207,"href":"https:\/\/www.ecucina.eu\/site\/wp-json\/wp\/v2\/pages\/35\/revisions\/13207"}],"wp:attachment":[{"href":"https:\/\/www.ecucina.eu\/site\/wp-json\/wp\/v2\/media?parent=35"}],"curies":[{"name":"wp","href":"https:\/\/api.w.org\/{rel}","templated":true}]}}