{"id":9097,"date":"2021-08-22T13:02:23","date_gmt":"2021-08-22T13:02:23","guid":{"rendered":"https:\/\/www.ecucina.eu\/site\/?post_type=product&#038;p=9097"},"modified":"2023-11-28T11:02:21","modified_gmt":"2023-11-28T11:02:21","slug":"meal-prep-vegan-breakfast","status":"publish","type":"product","link":"https:\/\/www.ecucina.eu\/site\/product\/meal-prep-vegan-breakfast\/","title":{"rendered":"Meal prep: vegan breakfast"},"content":{"rendered":"<div class=\"page\" title=\"Page 1\">\n<div class=\"layoutArea\">\n<div class=\"column\">\n<p><strong>Meal prep? Un metodo per organizzare le colazioni della settimana in versione vegana<br \/>\n<\/strong><\/p>\n<p><strong>New:un nuovo corso per imparare ad organizzarzi in cucina con un men\u00f9 settimanale, pensato per lo smart working o per chi fa colazione\u00a0 a casa!<\/strong><\/p>\n<p>La tua giornata lavorativa <strong>necessita di incominciare con una colazione sana e gustosa!\u00a0 Ti accorgi di non aver nulla di pronto per la colazione!<\/strong> Ti affidi spessp alla colazione del bar\u00a0 o addenti qualsiasi cosa a scapito di una dieta sana ed equilibrata.<\/p>\n<p>Stop al junk food!<strong> Impara ad organizzarele colazioni della tua settimana<\/strong> utilizzando un metodo che ti insegner\u00e0 lo chef di \u00e9Cucina.<\/p>\n<p>Non vi toccher\u00e0 cucinare di mattina quando non siete acora in carreggiata, ma potrete preparare le basi delle colazioni di tutta la settimana e completarle velocemenete<\/p>\n<p>Quali sono i vantaggi:<\/p>\n<ul>\n<li>liberare la mente dal pensiero costante &#8220;cosa magio oggi&#8221;!<\/li>\n<li>eliminare gli sperchi alimentari<\/li>\n<li>utilizzare ingredienti di stagione<\/li>\n<li>mangiare sano ed equilibrato<\/li>\n<\/ul>\n<p>Ce lo insegner\u00e0 a \u00e8Cucina a Verona, <strong>Martina Cortelazzo, autrice del libro Finger Food vegan\u00a0 <\/strong>che ci condurr\u00e0 in un corso su come organizzare il proprio men\u00f9 settimanale a grandissima richiesta.<\/p>\n<p>Da non perdere!!<\/p>\n<p>&nbsp;<\/p>\n<p><strong>Quando?<\/strong><\/p>\n<p><strong>Sabato 30 ottobre\u00a0 alle 9.00<\/strong>, in Via XX Settembre, 90.<\/p>\n<p>&nbsp;<\/p>\n<p><strong>Chi insegna?<\/strong><\/p>\n<p><strong>Martina Cortelazzo<\/strong>, alias <strong>Sandra di \u00e8Cucina (!)<\/strong>, la direttrice di \u00e8Cucina, cuoca di \u00e8Bistrot, si \u00e8 specializzata alla Joia Academy di Milano dello chef Pietro Leemann, chef vegetariano insignito della stella Michelin nel suo ristorante Joia. Ha studiato fermentazioni e formaggi vegetali con Daniela Cicioni. La passione per la cucina le viene dal nonno Leone, pasticcere e dalla sua famiglia di foodies d\u2019avanguardia!<\/p>\n<p>Ha studiato la cucina classica alla scuola del Gambero Rosso di Roma con Igles Corelli, poi Bruno Barbieri, Andrea Costantini. Amante della cucinanel suo insieme, il suo passato da ballerina le fa prediligere piatti di cucina naturale, la cucina vegetariana e vegana. Ama le verdure , ma anche il pesce e la carne di provenienza etica..e a piccole dosi! I suoi piatti devono molto all\u2019 esperienza presso la\u00a0 Joia academy\u00a0\u00a0 dove ha provato la\u00a0 gioia di sperimentare ed assaggiare cibi golosi e confortevoli, \u00e8Cucina syle !<\/p>\n<p><strong>\u00a0<\/strong><\/p>\n<\/div>\n<\/div>\n<\/div>\n<p>&nbsp;<\/p>\n<p>&nbsp;<\/p>\n<h4>Dove?<\/h4>\n<p>\u00e8Cucina \u00e8 a Verona in Via XX Settembre, 90<\/p>\n<p>Il programma potrebbe subire qualche modifica in relazione alla reperibilit\u00e0 degli ingredienti freschi<\/p>\n<p>Iscriviti subito chiamando al 3341934095!<\/p>\n","protected":false},"excerpt":{"rendered":"<p><strong>Meal prep? Un metodo per organizzare le colazioni della settimana in versione vegana<br \/>\n<\/strong><\/p>\n<p><strong>New:un nuovo corso per imparare ad organizzarzi in cucina con un men\u00f9 settimanale, pensato per lo smart working o per chi fa colazione\u00a0 a casa!<\/strong><\/p>\n<p>La tua giornata lavorativa <strong>necessita di incominciare con una colazione sana e gustosa!\u00a0 Ti accorgi di non aver nulla di pronto per la colazione!<\/strong> Ti affidi spessp alla colazione del bar\u00a0 o addenti qualsiasi cosa a scapito di una dieta sana ed equilibrata.<\/p>\n<p>Stop al junk food!<strong> Impara ad organizzarele colazioni della tua settimana<\/strong> utilizzando un metodo che ti insegner\u00e0 lo chef di \u00e9Cucina.<\/p>\n","protected":false},"featured_media":4094,"comment_status":"open","ping_status":"closed","template":"","meta":[],"product_brand":[],"product_cat":[2100],"product_tag":[],"class_list":{"0":"post-9097","1":"product","2":"type-product","3":"status-publish","4":"has-post-thumbnail","6":"product_cat-corsi","8":"first","9":"outofstock","10":"taxable","11":"shipping-taxable","12":"purchasable","13":"product-type-simple"},"yoast_head":"<!-- This site is optimized with the Yoast SEO plugin v28.2 - https:\/\/yoast.com\/product\/yoast-seo-wordpress\/ -->\n<title>Meal prep: vegan breakfast - E&#039; Cucina<\/title>\n<meta name=\"robots\" content=\"index, follow, max-snippet:-1, max-image-preview:large, max-video-preview:-1\" \/>\n<link rel=\"canonical\" href=\"https:\/\/www.ecucina.eu\/site\/product\/meal-prep-vegan-breakfast\/\" \/>\n<meta property=\"og:locale\" content=\"en_US\" \/>\n<meta property=\"og:type\" content=\"article\" \/>\n<meta property=\"og:title\" content=\"Meal prep: vegan breakfast - E&#039; Cucina\" \/>\n<meta property=\"og:description\" content=\"Meal prep? Un metodo per organizzare le colazioni della settimana in versione vegana   New:un nuovo corso per imparare ad organizzarzi in cucina con un men\u00f9 settimanale, pensato per lo smart working o per chi fa colazione\u00a0 a casa!  La tua giornata lavorativa necessita di incominciare con una colazione sana e gustosa!\u00a0 Ti accorgi di non aver nulla di pronto per la colazione! Ti affidi spessp alla colazione del bar\u00a0 o addenti qualsiasi cosa a scapito di una dieta sana ed equilibrata.  Stop al junk food! Impara ad organizzarele colazioni della tua settimana utilizzando un metodo che ti insegner\u00e0 lo chef di \u00e9Cucina.\" \/>\n<meta property=\"og:url\" content=\"https:\/\/www.ecucina.eu\/site\/product\/meal-prep-vegan-breakfast\/\" \/>\n<meta property=\"og:site_name\" content=\"E&#039; Cucina\" \/>\n<meta property=\"article:modified_time\" content=\"2023-11-28T11:02:21+00:00\" \/>\n<meta property=\"og:image\" content=\"https:\/\/www.ecucina.eu\/site\/wp-content\/uploads\/2018\/01\/File_000-89.jpeg\" \/>\n\t<meta property=\"og:image:width\" content=\"450\" \/>\n\t<meta property=\"og:image:height\" content=\"300\" \/>\n\t<meta property=\"og:image:type\" content=\"image\/jpeg\" \/>\n<meta name=\"twitter:card\" content=\"summary_large_image\" \/>\n<meta name=\"twitter:label1\" content=\"Est. reading time\" \/>\n\t<meta name=\"twitter:data1\" content=\"2 minutes\" \/>\n<script type=\"application\/ld+json\" class=\"yoast-schema-graph\">{\"@context\":\"https:\\\/\\\/schema.org\",\"@graph\":[{\"@type\":\"WebPage\",\"@id\":\"https:\\\/\\\/www.ecucina.eu\\\/site\\\/product\\\/meal-prep-vegan-breakfast\\\/\",\"url\":\"https:\\\/\\\/www.ecucina.eu\\\/site\\\/product\\\/meal-prep-vegan-breakfast\\\/\",\"name\":\"Meal prep: vegan breakfast - E&#039; Cucina\",\"isPartOf\":{\"@id\":\"https:\\\/\\\/www.ecucina.eu\\\/site\\\/#website\"},\"primaryImageOfPage\":{\"@id\":\"https:\\\/\\\/www.ecucina.eu\\\/site\\\/product\\\/meal-prep-vegan-breakfast\\\/#primaryimage\"},\"image\":{\"@id\":\"https:\\\/\\\/www.ecucina.eu\\\/site\\\/product\\\/meal-prep-vegan-breakfast\\\/#primaryimage\"},\"thumbnailUrl\":\"https:\\\/\\\/www.ecucina.eu\\\/site\\\/wp-content\\\/uploads\\\/2018\\\/01\\\/File_000-89.jpeg\",\"datePublished\":\"2021-08-22T13:02:23+00:00\",\"dateModified\":\"2023-11-28T11:02:21+00:00\",\"breadcrumb\":{\"@id\":\"https:\\\/\\\/www.ecucina.eu\\\/site\\\/product\\\/meal-prep-vegan-breakfast\\\/#breadcrumb\"},\"inLanguage\":\"en-US\",\"potentialAction\":[{\"@type\":\"ReadAction\",\"target\":[\"https:\\\/\\\/www.ecucina.eu\\\/site\\\/product\\\/meal-prep-vegan-breakfast\\\/\"]}]},{\"@type\":\"ImageObject\",\"inLanguage\":\"en-US\",\"@id\":\"https:\\\/\\\/www.ecucina.eu\\\/site\\\/product\\\/meal-prep-vegan-breakfast\\\/#primaryimage\",\"url\":\"https:\\\/\\\/www.ecucina.eu\\\/site\\\/wp-content\\\/uploads\\\/2018\\\/01\\\/File_000-89.jpeg\",\"contentUrl\":\"https:\\\/\\\/www.ecucina.eu\\\/site\\\/wp-content\\\/uploads\\\/2018\\\/01\\\/File_000-89.jpeg\",\"width\":450,\"height\":300,\"caption\":\"40974331 - breakfast berry smoothie bowl topped with goji berriesraspberry blackberry pumpkin sunflower and chia seeds.\"},{\"@type\":\"BreadcrumbList\",\"@id\":\"https:\\\/\\\/www.ecucina.eu\\\/site\\\/product\\\/meal-prep-vegan-breakfast\\\/#breadcrumb\",\"itemListElement\":[{\"@type\":\"ListItem\",\"position\":1,\"name\":\"Home\",\"item\":\"https:\\\/\\\/www.ecucina.eu\\\/site\\\/\"},{\"@type\":\"ListItem\",\"position\":2,\"name\":\"Shop\",\"item\":\"https:\\\/\\\/www.ecucina.eu\\\/site\\\/shop\\\/\"},{\"@type\":\"ListItem\",\"position\":3,\"name\":\"Meal prep: vegan breakfast\"}]},{\"@type\":\"WebSite\",\"@id\":\"https:\\\/\\\/www.ecucina.eu\\\/site\\\/#website\",\"url\":\"https:\\\/\\\/www.ecucina.eu\\\/site\\\/\",\"name\":\"E&#039; Cucina\",\"description\":\"La prima scuola di cucina di Verona\",\"potentialAction\":[{\"@type\":\"SearchAction\",\"target\":{\"@type\":\"EntryPoint\",\"urlTemplate\":\"https:\\\/\\\/www.ecucina.eu\\\/site\\\/?s={search_term_string}\"},\"query-input\":{\"@type\":\"PropertyValueSpecification\",\"valueRequired\":true,\"valueName\":\"search_term_string\"}}],\"inLanguage\":\"en-US\"}]}<\/script>\n<!-- \/ Yoast SEO plugin. -->","yoast_head_json":{"title":"Meal prep: vegan breakfast - E&#039; Cucina","robots":{"index":"index","follow":"follow","max-snippet":"max-snippet:-1","max-image-preview":"max-image-preview:large","max-video-preview":"max-video-preview:-1"},"canonical":"https:\/\/www.ecucina.eu\/site\/product\/meal-prep-vegan-breakfast\/","og_locale":"en_US","og_type":"article","og_title":"Meal prep: vegan breakfast - E&#039; Cucina","og_description":"Meal prep? Un metodo per organizzare le colazioni della settimana in versione vegana   New:un nuovo corso per imparare ad organizzarzi in cucina con un men\u00f9 settimanale, pensato per lo smart working o per chi fa colazione\u00a0 a casa!  La tua giornata lavorativa necessita di incominciare con una colazione sana e gustosa!\u00a0 Ti accorgi di non aver nulla di pronto per la colazione! Ti affidi spessp alla colazione del bar\u00a0 o addenti qualsiasi cosa a scapito di una dieta sana ed equilibrata.  Stop al junk food! Impara ad organizzarele colazioni della tua settimana utilizzando un metodo che ti insegner\u00e0 lo chef di \u00e9Cucina.","og_url":"https:\/\/www.ecucina.eu\/site\/product\/meal-prep-vegan-breakfast\/","og_site_name":"E&#039; Cucina","article_modified_time":"2023-11-28T11:02:21+00:00","og_image":[{"width":450,"height":300,"url":"https:\/\/www.ecucina.eu\/site\/wp-content\/uploads\/2018\/01\/File_000-89.jpeg","type":"image\/jpeg"}],"twitter_card":"summary_large_image","twitter_misc":{"Est. reading time":"2 minutes"},"schema":{"@context":"https:\/\/schema.org","@graph":[{"@type":"WebPage","@id":"https:\/\/www.ecucina.eu\/site\/product\/meal-prep-vegan-breakfast\/","url":"https:\/\/www.ecucina.eu\/site\/product\/meal-prep-vegan-breakfast\/","name":"Meal prep: vegan breakfast - E&#039; Cucina","isPartOf":{"@id":"https:\/\/www.ecucina.eu\/site\/#website"},"primaryImageOfPage":{"@id":"https:\/\/www.ecucina.eu\/site\/product\/meal-prep-vegan-breakfast\/#primaryimage"},"image":{"@id":"https:\/\/www.ecucina.eu\/site\/product\/meal-prep-vegan-breakfast\/#primaryimage"},"thumbnailUrl":"https:\/\/www.ecucina.eu\/site\/wp-content\/uploads\/2018\/01\/File_000-89.jpeg","datePublished":"2021-08-22T13:02:23+00:00","dateModified":"2023-11-28T11:02:21+00:00","breadcrumb":{"@id":"https:\/\/www.ecucina.eu\/site\/product\/meal-prep-vegan-breakfast\/#breadcrumb"},"inLanguage":"en-US","potentialAction":[{"@type":"ReadAction","target":["https:\/\/www.ecucina.eu\/site\/product\/meal-prep-vegan-breakfast\/"]}]},{"@type":"ImageObject","inLanguage":"en-US","@id":"https:\/\/www.ecucina.eu\/site\/product\/meal-prep-vegan-breakfast\/#primaryimage","url":"https:\/\/www.ecucina.eu\/site\/wp-content\/uploads\/2018\/01\/File_000-89.jpeg","contentUrl":"https:\/\/www.ecucina.eu\/site\/wp-content\/uploads\/2018\/01\/File_000-89.jpeg","width":450,"height":300,"caption":"40974331 - breakfast berry smoothie bowl topped with goji berriesraspberry blackberry pumpkin sunflower and chia seeds."},{"@type":"BreadcrumbList","@id":"https:\/\/www.ecucina.eu\/site\/product\/meal-prep-vegan-breakfast\/#breadcrumb","itemListElement":[{"@type":"ListItem","position":1,"name":"Home","item":"https:\/\/www.ecucina.eu\/site\/"},{"@type":"ListItem","position":2,"name":"Shop","item":"https:\/\/www.ecucina.eu\/site\/shop\/"},{"@type":"ListItem","position":3,"name":"Meal prep: vegan breakfast"}]},{"@type":"WebSite","@id":"https:\/\/www.ecucina.eu\/site\/#website","url":"https:\/\/www.ecucina.eu\/site\/","name":"E&#039; Cucina","description":"La prima scuola di cucina di Verona","potentialAction":[{"@type":"SearchAction","target":{"@type":"EntryPoint","urlTemplate":"https:\/\/www.ecucina.eu\/site\/?s={search_term_string}"},"query-input":{"@type":"PropertyValueSpecification","valueRequired":true,"valueName":"search_term_string"}}],"inLanguage":"en-US"}]}},"_links":{"self":[{"href":"https:\/\/www.ecucina.eu\/site\/wp-json\/wp\/v2\/product\/9097","targetHints":{"allow":["GET"]}}],"collection":[{"href":"https:\/\/www.ecucina.eu\/site\/wp-json\/wp\/v2\/product"}],"about":[{"href":"https:\/\/www.ecucina.eu\/site\/wp-json\/wp\/v2\/types\/product"}],"replies":[{"embeddable":true,"href":"https:\/\/www.ecucina.eu\/site\/wp-json\/wp\/v2\/comments?post=9097"}],"wp:featuredmedia":[{"embeddable":true,"href":"https:\/\/www.ecucina.eu\/site\/wp-json\/wp\/v2\/media\/4094"}],"wp:attachment":[{"href":"https:\/\/www.ecucina.eu\/site\/wp-json\/wp\/v2\/media?parent=9097"}],"wp:term":[{"taxonomy":"product_brand","embeddable":true,"href":"https:\/\/www.ecucina.eu\/site\/wp-json\/wp\/v2\/product_brand?post=9097"},{"taxonomy":"product_cat","embeddable":true,"href":"https:\/\/www.ecucina.eu\/site\/wp-json\/wp\/v2\/product_cat?post=9097"},{"taxonomy":"product_tag","embeddable":true,"href":"https:\/\/www.ecucina.eu\/site\/wp-json\/wp\/v2\/product_tag?post=9097"}],"curies":[{"name":"wp","href":"https:\/\/api.w.org\/{rel}","templated":true}]}}